{"id":38,"date":"2016-02-03T14:54:31","date_gmt":"2016-02-03T14:54:31","guid":{"rendered":"http:\/\/jesus-maria.org\/loyola\/?page_id=38"},"modified":"2016-04-04T10:11:13","modified_gmt":"2016-04-04T10:11:13","slug":"nuestra-historia","status":"publish","type":"page","link":"https:\/\/jesus-maria.org\/loyola\/nuestra-historia\/","title":{"rendered":"Nuestra historia"},"content":{"rendered":"<p style=\"text-align: justify;\"><span style=\"font-family: Verdana,Arial,Helvetica,sans-serif; font-size: small;\"><img loading=\"lazy\" decoding=\"async\" class=\"size-full wp-image-229 alignright\" src=\"http:\/\/jesus-maria.org\/loyola\/wp-content\/uploads\/sites\/11\/2016\/03\/2.jpg\" alt=\"2\" width=\"259\" height=\"194\" \/>La historia de la presencia de Jes\u00fas-Mar\u00eda en Azpeitia-Loyola comienza en 1909. Desde hac\u00eda tiempo se deseaba una fundaci\u00f3n en el norte pero los varios intentos no dieron resultado. La mayor dificultad se presentaba por parte del Obispo que no quer\u00eda nuevas congregaciones de ense\u00f1anza en su Di\u00f3cesis por haber demasiadas desde la expulsi\u00f3n de los religiosos de Francia.<br \/>\n<span style=\"color: #ffffff;\">&#8230;&#8230;..<\/span>La M. M\u00aa de San Ignacio, Superiora Provincial de Espa\u00f1a, en una de sus visitas a San Sebasti\u00e1n se acerc\u00f3 a Loyola para conocer la Santa Casa y la Bas\u00edlica. Qued\u00f3 impresionada de la belleza del lugar y de su ambiente. Al despedirse, dirigi\u00e9ndose al jesuita que les acompa\u00f1\u00f3 en la visita, exclam\u00f3: \u201cQui\u00e9n me diera la dicha de establecer una casa aqu\u00ed, cerca de Loyola!<\/span><\/p>\n<p style=\"text-align: justify;\"><span style=\"font-family: Verdana,Arial,Helvetica,sans-serif; font-size: small;\"><span style=\"color: #ffffff;\">&#8230;&#8230;..<\/span>Gracias a la intervenci\u00f3n de dos diputados y de los jesuitas se solventaron los obst\u00e1culos. Se compr\u00f3 el terreno que hoy ocupa el edificio y se encargaron los planos de la casa a un arquitecto de Bilbao. Cuando estaba todo dispuesto para empezar la construcci\u00f3n el 8 de septiembre, los graves acontecimientos de la llamada \u201csemana tr\u00e1gica\u201d de Barcelona modificaron los planes de tal manera que se tuvo que adelantar la venida de las religiosas y del Noviciado, que hab\u00eda que poner a resguardo, a una casa alquilada en el mismo pueblo de Azpeitia. El 19 de septiembre se celebr\u00f3 la primera Eucarist\u00eda estando presentes la M. Provincial y la M. General, M\u00aa de Santa Clara, que se traslad\u00f3 desde Barcelona a donde hab\u00eda llegado desde Roma para acompa\u00f1ar a las religiosas en momentos tan dif\u00edciles.<\/span><\/p>\n<p style=\"text-align: justify;\"><span style=\"font-family: Verdana,Arial,Helvetica,sans-serif; font-size: small; color: #ffffff;\">&#8230;&#8230;.<\/span><span style=\"font-family: Verdana,Arial,Helvetica,sans-serif; font-size: small;\">Las posibilidades para la construcci\u00f3n del nuevo edificio se presentaron en el a\u00f1o 1913 gracias a la donaci\u00f3n de los Sres. Tuset, padres de cinco hijos: cuatro religiosas de Jes\u00fas-Mar\u00eda y un jesuita. Se coloc\u00f3 la primera piedra el 10 de junio. El 2 de agosto de 1915 se inaugur\u00f3 con gran solemnidad. Faltaban todav\u00eda las pinturas del \u00e1bside encomendadas al pintor y muralista catal\u00e1n Dar\u00edo Vila que las concluy\u00f3 en el a\u00f1o 1917. Es su \u00fanica obra fuera de Catalu\u00f1a y Palma de Mallorca. Fue otra gran bienhechora del lugar quien hizo posible esta pintura y dem\u00e1s decoraciones de la Capilla.<\/span><\/p>\n","protected":false},"excerpt":{"rendered":"<p>La historia de la presencia de Jes\u00fas-Mar\u00eda en Azpeitia-Loyola comienza en 1909. Desde hac\u00eda tiempo se deseaba una fundaci\u00f3n en el norte pero los varios intentos no dieron resultado. La mayor dificultad se presentaba por parte del Obispo que no quer\u00eda nuevas congregaciones de ense\u00f1anza en su Di\u00f3cesis por haber demasiadas desde la expulsi\u00f3n de<\/p>\n","protected":false},"author":3,"featured_media":0,"parent":0,"menu_order":0,"comment_status":"closed","ping_status":"closed","template":"","meta":{"footnotes":""},"_links":{"self":[{"href":"https:\/\/jesus-maria.org\/loyola\/wp-json\/wp\/v2\/pages\/38"}],"collection":[{"href":"https:\/\/jesus-maria.org\/loyola\/wp-json\/wp\/v2\/pages"}],"about":[{"href":"https:\/\/jesus-maria.org\/loyola\/wp-json\/wp\/v2\/types\/page"}],"author":[{"embeddable":true,"href":"https:\/\/jesus-maria.org\/loyola\/wp-json\/wp\/v2\/users\/3"}],"replies":[{"embeddable":true,"href":"https:\/\/jesus-maria.org\/loyola\/wp-json\/wp\/v2\/comments?post=38"}],"version-history":[{"count":4,"href":"https:\/\/jesus-maria.org\/loyola\/wp-json\/wp\/v2\/pages\/38\/revisions"}],"predecessor-version":[{"id":275,"href":"https:\/\/jesus-maria.org\/loyola\/wp-json\/wp\/v2\/pages\/38\/revisions\/275"}],"wp:attachment":[{"href":"https:\/\/jesus-maria.org\/loyola\/wp-json\/wp\/v2\/media?parent=38"}],"curies":[{"name":"wp","href":"https:\/\/api.w.org\/{rel}","templated":true}]}}